{"id":2307,"date":"2020-04-22T02:59:46","date_gmt":"2020-04-22T00:59:46","guid":{"rendered":"https:\/\/www.historiayarqueologia.net\/?page_id=2307"},"modified":"2020-04-22T03:05:12","modified_gmt":"2020-04-22T01:05:12","slug":"historia-antigua","status":"publish","type":"page","link":"https:\/\/www.historiayarqueologia.net\/?page_id=2307","title":{"rendered":"Historia Antigua"},"content":{"rendered":"\t\t<div data-elementor-type=\"wp-page\" data-elementor-id=\"2307\" class=\"elementor elementor-2307\" data-elementor-post-type=\"page\">\n\t\t\t\t\t\t<section class=\"elementor-section elementor-top-section elementor-element elementor-element-0aedc57 elementor-section-boxed elementor-section-height-default elementor-section-height-default\" data-id=\"0aedc57\" data-element_type=\"section\" data-e-type=\"section\">\n\t\t\t\t\t\t<div class=\"elementor-container elementor-column-gap-default\">\n\t\t\t\t\t<div class=\"elementor-column elementor-col-100 elementor-top-column elementor-element elementor-element-43a7f99\" data-id=\"43a7f99\" data-element_type=\"column\" data-e-type=\"column\">\n\t\t\t<div class=\"elementor-widget-wrap elementor-element-populated\">\n\t\t\t\t\t\t<div class=\"elementor-element elementor-element-cfdbfe1 elementor-grid-3 elementor-grid-tablet-2 elementor-grid-mobile-1 elementor-posts--thumbnail-top elementor-widget elementor-widget-posts\" data-id=\"cfdbfe1\" data-element_type=\"widget\" data-e-type=\"widget\" data-settings=\"{&quot;pagination_type&quot;:&quot;prev_next&quot;,&quot;classic_columns&quot;:&quot;3&quot;,&quot;classic_columns_tablet&quot;:&quot;2&quot;,&quot;classic_columns_mobile&quot;:&quot;1&quot;,&quot;classic_row_gap&quot;:{&quot;unit&quot;:&quot;px&quot;,&quot;size&quot;:35,&quot;sizes&quot;:[]},&quot;classic_row_gap_widescreen&quot;:{&quot;unit&quot;:&quot;px&quot;,&quot;size&quot;:&quot;&quot;,&quot;sizes&quot;:[]},&quot;classic_row_gap_laptop&quot;:{&quot;unit&quot;:&quot;px&quot;,&quot;size&quot;:&quot;&quot;,&quot;sizes&quot;:[]},&quot;classic_row_gap_tablet_extra&quot;:{&quot;unit&quot;:&quot;px&quot;,&quot;size&quot;:&quot;&quot;,&quot;sizes&quot;:[]},&quot;classic_row_gap_tablet&quot;:{&quot;unit&quot;:&quot;px&quot;,&quot;size&quot;:&quot;&quot;,&quot;sizes&quot;:[]},&quot;classic_row_gap_mobile_extra&quot;:{&quot;unit&quot;:&quot;px&quot;,&quot;size&quot;:&quot;&quot;,&quot;sizes&quot;:[]},&quot;classic_row_gap_mobile&quot;:{&quot;unit&quot;:&quot;px&quot;,&quot;size&quot;:&quot;&quot;,&quot;sizes&quot;:[]}}\" data-widget_type=\"posts.classic\">\n\t\t\t\t<div class=\"elementor-widget-container\">\n\t\t\t\t\t\t\t<div class=\"elementor-posts-container elementor-posts elementor-posts--skin-classic elementor-grid\" role=\"list\">\n\t\t\t\t<article class=\"elementor-post elementor-grid-item post-2106 post type-post status-publish format-standard has-post-thumbnail hentry category-historia-antigua category-noticias-arqueologia\" role=\"listitem\">\n\t\t\t\t<a class=\"elementor-post__thumbnail__link\" href=\"https:\/\/www.historiayarqueologia.net\/?p=2106\" tabindex=\"-1\">\n\t\t\t<div class=\"elementor-post__thumbnail\"><img decoding=\"async\" width=\"300\" height=\"121\" src=\"https:\/\/www.historiayarqueologia.net\/wp-content\/uploads\/chavin-cabecera-300x121.jpg\" class=\"attachment-medium size-medium wp-image-2113\" alt=\"\" srcset=\"https:\/\/www.historiayarqueologia.net\/wp-content\/uploads\/chavin-cabecera-300x121.jpg 300w, https:\/\/www.historiayarqueologia.net\/wp-content\/uploads\/chavin-cabecera-768x311.jpg 768w, https:\/\/www.historiayarqueologia.net\/wp-content\/uploads\/chavin-cabecera.jpg 815w\" sizes=\"(max-width: 300px) 100vw, 300px\" \/><\/div>\n\t\t<\/a>\n\t\t\t\t<div class=\"elementor-post__text\">\n\t\t\t\t<h3 class=\"elementor-post__title\">\n\t\t\t<a href=\"https:\/\/www.historiayarqueologia.net\/?p=2106\">\n\t\t\t\tChav\u00edn de Hu\u00e1ntar, nuevos hallazgos gracias a robots\t\t\t<\/a>\n\t\t<\/h3>\n\t\t\t\t<div class=\"elementor-post__excerpt\">\n\t\t\t<p>Con el uso de peque\u00f1os robots dotados de microc\u00e1maras, se realiz\u00f3 uno de los hallazgos m\u00e1s importantes de los \u00faltimos 50 a\u00f1os en el Monumento<\/p>\n\t\t<\/div>\n\t\t\n\t\t<a class=\"elementor-post__read-more\" href=\"https:\/\/www.historiayarqueologia.net\/?p=2106\" aria-label=\"M\u00e1s informaci\u00f3n sobre Chav\u00edn de Hu\u00e1ntar, nuevos hallazgos gracias a robots\" tabindex=\"-1\">\n\t\t\tLeer M\u00e1s &gt;&gt;\t\t<\/a>\n\n\t\t\t\t<\/div>\n\t\t\t\t<\/article>\n\t\t\t\t<article class=\"elementor-post elementor-grid-item post-1929 post type-post status-publish format-standard has-post-thumbnail hentry category-historia-antigua\" role=\"listitem\">\n\t\t\t\t<a class=\"elementor-post__thumbnail__link\" href=\"https:\/\/www.historiayarqueologia.net\/?p=1929\" tabindex=\"-1\">\n\t\t\t<div class=\"elementor-post__thumbnail\"><img decoding=\"async\" width=\"300\" height=\"121\" src=\"https:\/\/www.historiayarqueologia.net\/wp-content\/uploads\/los-propileos-cabecera-300x121.jpg\" class=\"attachment-medium size-medium wp-image-1947\" alt=\"\" srcset=\"https:\/\/www.historiayarqueologia.net\/wp-content\/uploads\/los-propileos-cabecera-300x121.jpg 300w, https:\/\/www.historiayarqueologia.net\/wp-content\/uploads\/los-propileos-cabecera-768x311.jpg 768w, https:\/\/www.historiayarqueologia.net\/wp-content\/uploads\/los-propileos-cabecera.jpg 815w\" sizes=\"(max-width: 300px) 100vw, 300px\" \/><\/div>\n\t\t<\/a>\n\t\t\t\t<div class=\"elementor-post__text\">\n\t\t\t\t<h3 class=\"elementor-post__title\">\n\t\t\t<a href=\"https:\/\/www.historiayarqueologia.net\/?p=1929\">\n\t\t\t\tEl Propileo, compara ahora y antes &#8211; 10 fotos de Grecia\t\t\t<\/a>\n\t\t<\/h3>\n\t\t\t\t<div class=\"elementor-post__excerpt\">\n\t\t\t<p>02 de 10- El Propileo &#8211; Ahora y antes A la cima del promontorio sacro se ha llegado siempre por un \u00fanico camino: el del<\/p>\n\t\t<\/div>\n\t\t\n\t\t<a class=\"elementor-post__read-more\" href=\"https:\/\/www.historiayarqueologia.net\/?p=1929\" aria-label=\"M\u00e1s informaci\u00f3n sobre El Propileo, compara ahora y antes &#8211; 10 fotos de Grecia\" tabindex=\"-1\">\n\t\t\tLeer M\u00e1s &gt;&gt;\t\t<\/a>\n\n\t\t\t\t<\/div>\n\t\t\t\t<\/article>\n\t\t\t\t<article class=\"elementor-post elementor-grid-item post-1952 post type-post status-publish format-standard has-post-thumbnail hentry category-historia-antigua\" role=\"listitem\">\n\t\t\t\t<a class=\"elementor-post__thumbnail__link\" href=\"https:\/\/www.historiayarqueologia.net\/?p=1952\" tabindex=\"-1\">\n\t\t\t<div class=\"elementor-post__thumbnail\"><img decoding=\"async\" width=\"300\" height=\"121\" src=\"https:\/\/www.historiayarqueologia.net\/wp-content\/uploads\/promontorio-cabecera-300x121.jpg\" class=\"attachment-medium size-medium wp-image-1964\" alt=\"\" srcset=\"https:\/\/www.historiayarqueologia.net\/wp-content\/uploads\/promontorio-cabecera-300x121.jpg 300w, https:\/\/www.historiayarqueologia.net\/wp-content\/uploads\/promontorio-cabecera-768x311.jpg 768w, https:\/\/www.historiayarqueologia.net\/wp-content\/uploads\/promontorio-cabecera.jpg 815w\" sizes=\"(max-width: 300px) 100vw, 300px\" \/><\/div>\n\t\t<\/a>\n\t\t\t\t<div class=\"elementor-post__text\">\n\t\t\t\t<h3 class=\"elementor-post__title\">\n\t\t\t<a href=\"https:\/\/www.historiayarqueologia.net\/?p=1952\">\n\t\t\t\tEl Promontorio, compara ahora y antes &#8211; 10 fotos de Grecia\t\t\t<\/a>\n\t\t<\/h3>\n\t\t\t\t<div class=\"elementor-post__excerpt\">\n\t\t\t<p>03 de 10- El Promontorio &#8211; Ahora y antes &lt; \/i&gt;\u00bb,\u00bbnextArrow\u00bb:\u00bb&lt; \/i&gt;\u00bb,\u00bbfade\u00bb:true}&#8217;&gt; Saliendo de los Propileos, en el mismo \u00e1ngulo y en el punto m\u00e1s<\/p>\n\t\t<\/div>\n\t\t\n\t\t<a class=\"elementor-post__read-more\" href=\"https:\/\/www.historiayarqueologia.net\/?p=1952\" aria-label=\"M\u00e1s informaci\u00f3n sobre El Promontorio, compara ahora y antes &#8211; 10 fotos de Grecia\" tabindex=\"-1\">\n\t\t\tLeer M\u00e1s &gt;&gt;\t\t<\/a>\n\n\t\t\t\t<\/div>\n\t\t\t\t<\/article>\n\t\t\t\t<article class=\"elementor-post elementor-grid-item post-1967 post type-post status-publish format-standard has-post-thumbnail hentry category-historia-antigua\" role=\"listitem\">\n\t\t\t\t<a class=\"elementor-post__thumbnail__link\" href=\"https:\/\/www.historiayarqueologia.net\/?p=1967\" tabindex=\"-1\">\n\t\t\t<div class=\"elementor-post__thumbnail\"><img loading=\"lazy\" decoding=\"async\" width=\"300\" height=\"121\" src=\"https:\/\/www.historiayarqueologia.net\/wp-content\/uploads\/partenon-cabecera-300x121.jpg\" class=\"attachment-medium size-medium wp-image-1974\" alt=\"\" srcset=\"https:\/\/www.historiayarqueologia.net\/wp-content\/uploads\/partenon-cabecera-300x121.jpg 300w, https:\/\/www.historiayarqueologia.net\/wp-content\/uploads\/partenon-cabecera-768x311.jpg 768w, https:\/\/www.historiayarqueologia.net\/wp-content\/uploads\/partenon-cabecera.jpg 815w\" sizes=\"(max-width: 300px) 100vw, 300px\" \/><\/div>\n\t\t<\/a>\n\t\t\t\t<div class=\"elementor-post__text\">\n\t\t\t\t<h3 class=\"elementor-post__title\">\n\t\t\t<a href=\"https:\/\/www.historiayarqueologia.net\/?p=1967\">\n\t\t\t\tEl Parten\u00f3n, compara ahora y antes &#8211; 10 fotos de Grecia\t\t\t<\/a>\n\t\t<\/h3>\n\t\t\t\t<div class=\"elementor-post__excerpt\">\n\t\t\t<p>04 de 10- El Parten\u00f3n &#8211; Ahora y antes &lt; \/i&gt;\u00bb,\u00bbnextArrow\u00bb:\u00bb&lt; \/i&gt;\u00bb,\u00bbfade\u00bb:true}&#8217;&gt; En la actualidad, en la llanura rocosa se yergue colosal e imponente la<\/p>\n\t\t<\/div>\n\t\t\n\t\t<a class=\"elementor-post__read-more\" href=\"https:\/\/www.historiayarqueologia.net\/?p=1967\" aria-label=\"M\u00e1s informaci\u00f3n sobre El Parten\u00f3n, compara ahora y antes &#8211; 10 fotos de Grecia\" tabindex=\"-1\">\n\t\t\tLeer M\u00e1s &gt;&gt;\t\t<\/a>\n\n\t\t\t\t<\/div>\n\t\t\t\t<\/article>\n\t\t\t\t<article class=\"elementor-post elementor-grid-item post-1978 post type-post status-publish format-standard has-post-thumbnail hentry category-historia-antigua\" role=\"listitem\">\n\t\t\t\t<a class=\"elementor-post__thumbnail__link\" href=\"https:\/\/www.historiayarqueologia.net\/?p=1978\" tabindex=\"-1\">\n\t\t\t<div class=\"elementor-post__thumbnail\"><img loading=\"lazy\" decoding=\"async\" width=\"300\" height=\"121\" src=\"https:\/\/www.historiayarqueologia.net\/wp-content\/uploads\/erecteion-cabecera-300x121.jpg\" class=\"attachment-medium size-medium wp-image-1986\" alt=\"\" srcset=\"https:\/\/www.historiayarqueologia.net\/wp-content\/uploads\/erecteion-cabecera-300x121.jpg 300w, https:\/\/www.historiayarqueologia.net\/wp-content\/uploads\/erecteion-cabecera-768x311.jpg 768w, https:\/\/www.historiayarqueologia.net\/wp-content\/uploads\/erecteion-cabecera.jpg 815w\" sizes=\"(max-width: 300px) 100vw, 300px\" \/><\/div>\n\t\t<\/a>\n\t\t\t\t<div class=\"elementor-post__text\">\n\t\t\t\t<h3 class=\"elementor-post__title\">\n\t\t\t<a href=\"https:\/\/www.historiayarqueologia.net\/?p=1978\">\n\t\t\t\tEl Erecteion, compara ahora y antes &#8211; 10 fotos de Grecia\t\t\t<\/a>\n\t\t<\/h3>\n\t\t\t\t<div class=\"elementor-post__excerpt\">\n\t\t\t<p>05 de 10- El Erecteion &#8211; Ahora y antes Before After M\u00e1s al norte, en el extremo septentrional de la Acr\u00f3polis, se yerguen los blancos<\/p>\n\t\t<\/div>\n\t\t\n\t\t<a class=\"elementor-post__read-more\" href=\"https:\/\/www.historiayarqueologia.net\/?p=1978\" aria-label=\"M\u00e1s informaci\u00f3n sobre El Erecteion, compara ahora y antes &#8211; 10 fotos de Grecia\" tabindex=\"-1\">\n\t\t\tLeer M\u00e1s &gt;&gt;\t\t<\/a>\n\n\t\t\t\t<\/div>\n\t\t\t\t<\/article>\n\t\t\t\t<article class=\"elementor-post elementor-grid-item post-1994 post type-post status-publish format-standard has-post-thumbnail hentry category-historia-antigua\" role=\"listitem\">\n\t\t\t\t<a class=\"elementor-post__thumbnail__link\" href=\"https:\/\/www.historiayarqueologia.net\/?p=1994\" tabindex=\"-1\">\n\t\t\t<div class=\"elementor-post__thumbnail\"><img loading=\"lazy\" decoding=\"async\" width=\"300\" height=\"121\" src=\"https:\/\/www.historiayarqueologia.net\/wp-content\/uploads\/dionisos-cabecera-300x121.jpg\" class=\"attachment-medium size-medium wp-image-2002\" alt=\"\" srcset=\"https:\/\/www.historiayarqueologia.net\/wp-content\/uploads\/dionisos-cabecera-300x121.jpg 300w, https:\/\/www.historiayarqueologia.net\/wp-content\/uploads\/dionisos-cabecera-768x311.jpg 768w, https:\/\/www.historiayarqueologia.net\/wp-content\/uploads\/dionisos-cabecera.jpg 815w\" sizes=\"(max-width: 300px) 100vw, 300px\" \/><\/div>\n\t\t<\/a>\n\t\t\t\t<div class=\"elementor-post__text\">\n\t\t\t\t<h3 class=\"elementor-post__title\">\n\t\t\t<a href=\"https:\/\/www.historiayarqueologia.net\/?p=1994\">\n\t\t\t\tEl teatro de Dionisos, compara ahora y antes &#8211; 10 fotos de Grecia\t\t\t<\/a>\n\t\t<\/h3>\n\t\t\t\t<div class=\"elementor-post__excerpt\">\n\t\t\t<p>06 de 10- El teatro de Dionisos &#8211; Ahora y antes &lt; \/i&gt;\u00bb,\u00bbnextArrow\u00bb:\u00bb&lt; \/i&gt;\u00bb,\u00bbfade\u00bb:true}&#8217;&gt; En el siglo VI a.C., cuando Pis\u00edstrato introdujo en Atenas el<\/p>\n\t\t<\/div>\n\t\t\n\t\t<a class=\"elementor-post__read-more\" href=\"https:\/\/www.historiayarqueologia.net\/?p=1994\" aria-label=\"M\u00e1s informaci\u00f3n sobre El teatro de Dionisos, compara ahora y antes &#8211; 10 fotos de Grecia\" tabindex=\"-1\">\n\t\t\tLeer M\u00e1s &gt;&gt;\t\t<\/a>\n\n\t\t\t\t<\/div>\n\t\t\t\t<\/article>\n\t\t\t\t<article class=\"elementor-post elementor-grid-item post-2005 post type-post status-publish format-standard has-post-thumbnail hentry category-historia-antigua\" role=\"listitem\">\n\t\t\t\t<a class=\"elementor-post__thumbnail__link\" href=\"https:\/\/www.historiayarqueologia.net\/?p=2005\" tabindex=\"-1\">\n\t\t\t<div class=\"elementor-post__thumbnail\"><img loading=\"lazy\" decoding=\"async\" width=\"300\" height=\"121\" src=\"https:\/\/www.historiayarqueologia.net\/wp-content\/uploads\/odeon-herodes-cabecera-300x121.jpg\" class=\"attachment-medium size-medium wp-image-2015\" alt=\"\" srcset=\"https:\/\/www.historiayarqueologia.net\/wp-content\/uploads\/odeon-herodes-cabecera-300x121.jpg 300w, https:\/\/www.historiayarqueologia.net\/wp-content\/uploads\/odeon-herodes-cabecera-768x311.jpg 768w, https:\/\/www.historiayarqueologia.net\/wp-content\/uploads\/odeon-herodes-cabecera.jpg 815w\" sizes=\"(max-width: 300px) 100vw, 300px\" \/><\/div>\n\t\t<\/a>\n\t\t\t\t<div class=\"elementor-post__text\">\n\t\t\t\t<h3 class=\"elementor-post__title\">\n\t\t\t<a href=\"https:\/\/www.historiayarqueologia.net\/?p=2005\">\n\t\t\t\tEl Ode\u00f3n de Herodes, compara ahora y antes &#8211; 10 fotos de Grecia\t\t\t<\/a>\n\t\t<\/h3>\n\t\t\t\t<div class=\"elementor-post__excerpt\">\n\t\t\t<p>07 de 10- El Ode\u00f3n de Herodes \u00c1tico &#8211; Ahora y antes &lt; \/i&gt;\u00bb,\u00bbnextArrow\u00bb:\u00bb&lt; \/i&gt;\u00bb,\u00bbfade\u00bb:true}&#8217;&gt; EL ODE\u00d3N DE HERODES \u00c1TICO &#8211; En el a\u00f1o 161<\/p>\n\t\t<\/div>\n\t\t\n\t\t<a class=\"elementor-post__read-more\" href=\"https:\/\/www.historiayarqueologia.net\/?p=2005\" aria-label=\"M\u00e1s informaci\u00f3n sobre El Ode\u00f3n de Herodes, compara ahora y antes &#8211; 10 fotos de Grecia\" tabindex=\"-1\">\n\t\t\tLeer M\u00e1s &gt;&gt;\t\t<\/a>\n\n\t\t\t\t<\/div>\n\t\t\t\t<\/article>\n\t\t\t\t<article class=\"elementor-post elementor-grid-item post-2018 post type-post status-publish format-standard has-post-thumbnail hentry category-historia-antigua\" role=\"listitem\">\n\t\t\t\t<a class=\"elementor-post__thumbnail__link\" href=\"https:\/\/www.historiayarqueologia.net\/?p=2018\" tabindex=\"-1\">\n\t\t\t<div class=\"elementor-post__thumbnail\"><img loading=\"lazy\" decoding=\"async\" width=\"300\" height=\"121\" src=\"https:\/\/www.historiayarqueologia.net\/wp-content\/uploads\/agora-cabecera-300x121.jpg\" class=\"attachment-medium size-medium wp-image-2027\" alt=\"\" srcset=\"https:\/\/www.historiayarqueologia.net\/wp-content\/uploads\/agora-cabecera-300x121.jpg 300w, https:\/\/www.historiayarqueologia.net\/wp-content\/uploads\/agora-cabecera-768x311.jpg 768w, https:\/\/www.historiayarqueologia.net\/wp-content\/uploads\/agora-cabecera.jpg 815w\" sizes=\"(max-width: 300px) 100vw, 300px\" \/><\/div>\n\t\t<\/a>\n\t\t\t\t<div class=\"elementor-post__text\">\n\t\t\t\t<h3 class=\"elementor-post__title\">\n\t\t\t<a href=\"https:\/\/www.historiayarqueologia.net\/?p=2018\">\n\t\t\t\tEl \u00c1gora, compara ahora y antes &#8211; 10 fotos de Grecia\t\t\t<\/a>\n\t\t<\/h3>\n\t\t\t\t<div class=\"elementor-post__excerpt\">\n\t\t\t<p>08 de 10- El \u00c1gora &#8211; Ahora y antes &lt; \/i&gt;\u00bb,\u00bbnextArrow\u00bb:\u00bb&lt; \/i&gt;\u00bb,\u00bbfade\u00bb:true}&#8217;&gt; El \u00c1gora. Durante el per\u00edodo arcaico en la cara noroeste de la Acr\u00f3polis,<\/p>\n\t\t<\/div>\n\t\t\n\t\t<a class=\"elementor-post__read-more\" href=\"https:\/\/www.historiayarqueologia.net\/?p=2018\" aria-label=\"M\u00e1s informaci\u00f3n sobre El \u00c1gora, compara ahora y antes &#8211; 10 fotos de Grecia\" tabindex=\"-1\">\n\t\t\tLeer M\u00e1s &gt;&gt;\t\t<\/a>\n\n\t\t\t\t<\/div>\n\t\t\t\t<\/article>\n\t\t\t\t<article class=\"elementor-post elementor-grid-item post-2035 post type-post status-publish format-standard has-post-thumbnail hentry category-historia-antigua\" role=\"listitem\">\n\t\t\t\t<a class=\"elementor-post__thumbnail__link\" href=\"https:\/\/www.historiayarqueologia.net\/?p=2035\" tabindex=\"-1\">\n\t\t\t<div class=\"elementor-post__thumbnail\"><img loading=\"lazy\" decoding=\"async\" width=\"300\" height=\"121\" src=\"https:\/\/www.historiayarqueologia.net\/wp-content\/uploads\/poseidon-cabecera-300x121.jpg\" class=\"attachment-medium size-medium wp-image-2042\" alt=\"\" srcset=\"https:\/\/www.historiayarqueologia.net\/wp-content\/uploads\/poseidon-cabecera-300x121.jpg 300w, https:\/\/www.historiayarqueologia.net\/wp-content\/uploads\/poseidon-cabecera-768x311.jpg 768w, https:\/\/www.historiayarqueologia.net\/wp-content\/uploads\/poseidon-cabecera.jpg 815w\" sizes=\"(max-width: 300px) 100vw, 300px\" \/><\/div>\n\t\t<\/a>\n\t\t\t\t<div class=\"elementor-post__text\">\n\t\t\t\t<h3 class=\"elementor-post__title\">\n\t\t\t<a href=\"https:\/\/www.historiayarqueologia.net\/?p=2035\">\n\t\t\t\tEl Templo de Poseid\u00f3n, compara ahora y antes &#8211; 10 fotos de Grecia\t\t\t<\/a>\n\t\t<\/h3>\n\t\t\t\t<div class=\"elementor-post__excerpt\">\n\t\t\t<p>09 de 10- El Templo de Poseidon &#8211; Ahora y antes EL TEMPLO DE POSEIDON EN CABO SUNION. El cabo Sunion, extremo oriental del Atica,<\/p>\n\t\t<\/div>\n\t\t\n\t\t<a class=\"elementor-post__read-more\" href=\"https:\/\/www.historiayarqueologia.net\/?p=2035\" aria-label=\"M\u00e1s informaci\u00f3n sobre El Templo de Poseid\u00f3n, compara ahora y antes &#8211; 10 fotos de Grecia\" tabindex=\"-1\">\n\t\t\tLeer M\u00e1s &gt;&gt;\t\t<\/a>\n\n\t\t\t\t<\/div>\n\t\t\t\t<\/article>\n\t\t\t\t<\/div>\n\t\t\n\t\t\t\t<div class=\"e-load-more-anchor\" data-page=\"1\" data-max-page=\"6\" data-next-page=\"https:\/\/www.historiayarqueologia.net\/index.php?rest_route=%2Fwp%2Fv2%2Fpages%2F2307&#038;paged=2\"><\/div>\n\t\t\t\t<nav class=\"elementor-pagination\" aria-label=\"Paginaci\u00f3n\">\n\t\t\t<span class=\"page-numbers prev\">&laquo; Atr\u00e1s<\/span>\n<a class=\"page-numbers next\" href=\"https:\/\/www.historiayarqueologia.net\/index.php?rest_route=%2Fwp%2Fv2%2Fpages%2F2307&#038;paged=2\">Adelante &raquo;<\/a>\t\t<\/nav>\n\t\t\t\t\t\t<\/div>\n\t\t\t\t<\/div>\n\t\t\t\t\t<\/div>\n\t\t<\/div>\n\t\t\t\t\t<\/div>\n\t\t<\/section>\n\t\t\t\t<\/div>\n\t\t","protected":false},"excerpt":{"rendered":"","protected":false},"author":1,"featured_media":0,"parent":0,"menu_order":0,"comment_status":"closed","ping_status":"closed","template":"elementor_header_footer","meta":{"footnotes":""},"class_list":["post-2307","page","type-page","status-publish","hentry"],"jetpack_sharing_enabled":true,"_links":{"self":[{"href":"https:\/\/www.historiayarqueologia.net\/index.php?rest_route=\/wp\/v2\/pages\/2307","targetHints":{"allow":["GET"]}}],"collection":[{"href":"https:\/\/www.historiayarqueologia.net\/index.php?rest_route=\/wp\/v2\/pages"}],"about":[{"href":"https:\/\/www.historiayarqueologia.net\/index.php?rest_route=\/wp\/v2\/types\/page"}],"author":[{"embeddable":true,"href":"https:\/\/www.historiayarqueologia.net\/index.php?rest_route=\/wp\/v2\/users\/1"}],"replies":[{"embeddable":true,"href":"https:\/\/www.historiayarqueologia.net\/index.php?rest_route=%2Fwp%2Fv2%2Fcomments&post=2307"}],"version-history":[{"count":4,"href":"https:\/\/www.historiayarqueologia.net\/index.php?rest_route=\/wp\/v2\/pages\/2307\/revisions"}],"predecessor-version":[{"id":2312,"href":"https:\/\/www.historiayarqueologia.net\/index.php?rest_route=\/wp\/v2\/pages\/2307\/revisions\/2312"}],"wp:attachment":[{"href":"https:\/\/www.historiayarqueologia.net\/index.php?rest_route=%2Fwp%2Fv2%2Fmedia&parent=2307"}],"curies":[{"name":"wp","href":"https:\/\/api.w.org\/{rel}","templated":true}]}}