{"id":2301,"date":"2020-04-22T02:56:02","date_gmt":"2020-04-22T00:56:02","guid":{"rendered":"https:\/\/www.historiayarqueologia.net\/?page_id=2301"},"modified":"2020-04-22T03:08:44","modified_gmt":"2020-04-22T01:08:44","slug":"prehistoria-2","status":"publish","type":"page","link":"https:\/\/www.historiayarqueologia.net\/?page_id=2301","title":{"rendered":"Prehistoria"},"content":{"rendered":"\t\t<div data-elementor-type=\"wp-page\" data-elementor-id=\"2301\" class=\"elementor elementor-2301\" data-elementor-post-type=\"page\">\n\t\t\t\t\t\t<section class=\"elementor-section elementor-top-section elementor-element elementor-element-0aedc57 elementor-section-boxed elementor-section-height-default elementor-section-height-default\" data-id=\"0aedc57\" data-element_type=\"section\" data-e-type=\"section\">\n\t\t\t\t\t\t<div class=\"elementor-container elementor-column-gap-default\">\n\t\t\t\t\t<div class=\"elementor-column elementor-col-100 elementor-top-column elementor-element elementor-element-43a7f99\" data-id=\"43a7f99\" data-element_type=\"column\" data-e-type=\"column\">\n\t\t\t<div class=\"elementor-widget-wrap elementor-element-populated\">\n\t\t\t\t\t\t<div class=\"elementor-element elementor-element-cfdbfe1 elementor-grid-3 elementor-grid-tablet-2 elementor-grid-mobile-1 elementor-posts--thumbnail-top elementor-widget elementor-widget-posts\" data-id=\"cfdbfe1\" data-element_type=\"widget\" data-e-type=\"widget\" data-settings=\"{&quot;pagination_type&quot;:&quot;prev_next&quot;,&quot;classic_columns&quot;:&quot;3&quot;,&quot;classic_columns_tablet&quot;:&quot;2&quot;,&quot;classic_columns_mobile&quot;:&quot;1&quot;,&quot;classic_row_gap&quot;:{&quot;unit&quot;:&quot;px&quot;,&quot;size&quot;:35,&quot;sizes&quot;:[]},&quot;classic_row_gap_widescreen&quot;:{&quot;unit&quot;:&quot;px&quot;,&quot;size&quot;:&quot;&quot;,&quot;sizes&quot;:[]},&quot;classic_row_gap_laptop&quot;:{&quot;unit&quot;:&quot;px&quot;,&quot;size&quot;:&quot;&quot;,&quot;sizes&quot;:[]},&quot;classic_row_gap_tablet_extra&quot;:{&quot;unit&quot;:&quot;px&quot;,&quot;size&quot;:&quot;&quot;,&quot;sizes&quot;:[]},&quot;classic_row_gap_tablet&quot;:{&quot;unit&quot;:&quot;px&quot;,&quot;size&quot;:&quot;&quot;,&quot;sizes&quot;:[]},&quot;classic_row_gap_mobile_extra&quot;:{&quot;unit&quot;:&quot;px&quot;,&quot;size&quot;:&quot;&quot;,&quot;sizes&quot;:[]},&quot;classic_row_gap_mobile&quot;:{&quot;unit&quot;:&quot;px&quot;,&quot;size&quot;:&quot;&quot;,&quot;sizes&quot;:[]}}\" data-widget_type=\"posts.classic\">\n\t\t\t\t<div class=\"elementor-widget-container\">\n\t\t\t\t\t\t\t<div class=\"elementor-posts-container elementor-posts elementor-posts--skin-classic elementor-grid\" role=\"list\">\n\t\t\t\t<article class=\"elementor-post elementor-grid-item post-1470 post type-post status-publish format-standard has-post-thumbnail hentry category-prehistoria tag-homo-floriesiensis tag-prehistoria\" role=\"listitem\">\n\t\t\t\t<a class=\"elementor-post__thumbnail__link\" href=\"https:\/\/www.historiayarqueologia.net\/?p=1470\" tabindex=\"-1\">\n\t\t\t<div class=\"elementor-post__thumbnail\"><img decoding=\"async\" width=\"300\" height=\"121\" src=\"https:\/\/www.historiayarqueologia.net\/wp-content\/uploads\/Homo_floresiensis_07-300x121.jpg\" class=\"attachment-medium size-medium wp-image-1481\" alt=\"\" srcset=\"https:\/\/www.historiayarqueologia.net\/wp-content\/uploads\/Homo_floresiensis_07-300x121.jpg 300w, https:\/\/www.historiayarqueologia.net\/wp-content\/uploads\/Homo_floresiensis_07-768x311.jpg 768w, https:\/\/www.historiayarqueologia.net\/wp-content\/uploads\/Homo_floresiensis_07.jpg 815w\" sizes=\"(max-width: 300px) 100vw, 300px\" \/><\/div>\n\t\t<\/a>\n\t\t\t\t<div class=\"elementor-post__text\">\n\t\t\t\t<h3 class=\"elementor-post__title\">\n\t\t\t<a href=\"https:\/\/www.historiayarqueologia.net\/?p=1470\">\n\t\t\t\t\u00bfQui\u00e9n es el homo floresiensis? por Alma Leonor\t\t\t<\/a>\n\t\t<\/h3>\n\t\t\t\t<div class=\"elementor-post__excerpt\">\n\t\t\t<p>\u00bfQui\u00e9n es el homo floresiensis? por Alma Leonor Pocas cosas sabemos con certeza de la Prehistoria del hombre salvo, quiz\u00e1, su origen africano, como ya<\/p>\n\t\t<\/div>\n\t\t\n\t\t<a class=\"elementor-post__read-more\" href=\"https:\/\/www.historiayarqueologia.net\/?p=1470\" aria-label=\"M\u00e1s informaci\u00f3n sobre \u00bfQui\u00e9n es el homo floresiensis? por Alma Leonor\" tabindex=\"-1\">\n\t\t\tLeer M\u00e1s &gt;&gt;\t\t<\/a>\n\n\t\t\t\t<\/div>\n\t\t\t\t<\/article>\n\t\t\t\t<article class=\"elementor-post elementor-grid-item post-1376 post type-post status-publish format-standard has-post-thumbnail hentry category-noticias-arqueologia category-prehistoria\" role=\"listitem\">\n\t\t\t\t<a class=\"elementor-post__thumbnail__link\" href=\"https:\/\/www.historiayarqueologia.net\/?p=1376\" tabindex=\"-1\">\n\t\t\t<div class=\"elementor-post__thumbnail\"><img decoding=\"async\" width=\"300\" height=\"121\" src=\"https:\/\/www.historiayarqueologia.net\/wp-content\/uploads\/bruniquel-neandertal-175000-anos-1-300x121.jpg\" class=\"attachment-medium size-medium wp-image-1377\" alt=\"\" srcset=\"https:\/\/www.historiayarqueologia.net\/wp-content\/uploads\/bruniquel-neandertal-175000-anos-1-300x121.jpg 300w, https:\/\/www.historiayarqueologia.net\/wp-content\/uploads\/bruniquel-neandertal-175000-anos-1-768x311.jpg 768w, https:\/\/www.historiayarqueologia.net\/wp-content\/uploads\/bruniquel-neandertal-175000-anos-1.jpg 815w\" sizes=\"(max-width: 300px) 100vw, 300px\" \/><\/div>\n\t\t<\/a>\n\t\t\t\t<div class=\"elementor-post__text\">\n\t\t\t\t<h3 class=\"elementor-post__title\">\n\t\t\t<a href=\"https:\/\/www.historiayarqueologia.net\/?p=1376\">\n\t\t\t\t\u00bfUn templo Neandertal de 175.000 a\u00f1os?\t\t\t<\/a>\n\t\t<\/h3>\n\t\t\t\t<div class=\"elementor-post__excerpt\">\n\t\t\t<p>\u00bfUn templo Neandertal de 175.000 a\u00f1os? Descubierta en el fondo de una cueva de Francia una construcci\u00f3n hecha con estalagmitas. &nbsp; Iluminados Iluminados con antorchas,<\/p>\n\t\t<\/div>\n\t\t\n\t\t<a class=\"elementor-post__read-more\" href=\"https:\/\/www.historiayarqueologia.net\/?p=1376\" aria-label=\"M\u00e1s informaci\u00f3n sobre \u00bfUn templo Neandertal de 175.000 a\u00f1os?\" tabindex=\"-1\">\n\t\t\tLeer M\u00e1s &gt;&gt;\t\t<\/a>\n\n\t\t\t\t<\/div>\n\t\t\t\t<\/article>\n\t\t\t\t<article class=\"elementor-post elementor-grid-item post-1095 post type-post status-publish format-standard has-post-thumbnail hentry category-prehistoria\" role=\"listitem\">\n\t\t\t\t<a class=\"elementor-post__thumbnail__link\" href=\"https:\/\/www.historiayarqueologia.net\/?p=1095\" tabindex=\"-1\">\n\t\t\t<div class=\"elementor-post__thumbnail\"><img decoding=\"async\" width=\"300\" height=\"157\" src=\"https:\/\/www.historiayarqueologia.net\/wp-content\/uploads\/gobleki-tepe1-300x157.jpg\" class=\"attachment-medium size-medium wp-image-1113\" alt=\"\" srcset=\"https:\/\/www.historiayarqueologia.net\/wp-content\/uploads\/gobleki-tepe1-300x157.jpg 300w, https:\/\/www.historiayarqueologia.net\/wp-content\/uploads\/gobleki-tepe1.jpg 531w\" sizes=\"(max-width: 300px) 100vw, 300px\" \/><\/div>\n\t\t<\/a>\n\t\t\t\t<div class=\"elementor-post__text\">\n\t\t\t\t<h3 class=\"elementor-post__title\">\n\t\t\t<a href=\"https:\/\/www.historiayarqueologia.net\/?p=1095\">\n\t\t\t\tG\u00f6bekli Tepe: Las creencias que crearon a la humanidad\t\t\t<\/a>\n\t\t<\/h3>\n\t\t\t\t<div class=\"elementor-post__excerpt\">\n\t\t\t<p>Hasta hoy se cre\u00eda que la agricultura permiti\u00f3 establecernos, desarrollar la religi\u00f3n y construir templos, los asentamientos se convirtieron en ciudades y m\u00e1s tarde en<\/p>\n\t\t<\/div>\n\t\t\n\t\t<a class=\"elementor-post__read-more\" href=\"https:\/\/www.historiayarqueologia.net\/?p=1095\" aria-label=\"M\u00e1s informaci\u00f3n sobre G\u00f6bekli Tepe: Las creencias que crearon a la humanidad\" tabindex=\"-1\">\n\t\t\tLeer M\u00e1s &gt;&gt;\t\t<\/a>\n\n\t\t\t\t<\/div>\n\t\t\t\t<\/article>\n\t\t\t\t<article class=\"elementor-post elementor-grid-item post-713 post type-post status-publish format-standard has-post-thumbnail hentry category-prehistoria\" role=\"listitem\">\n\t\t\t\t<a class=\"elementor-post__thumbnail__link\" href=\"https:\/\/www.historiayarqueologia.net\/?p=713\" tabindex=\"-1\">\n\t\t\t<div class=\"elementor-post__thumbnail\"><img loading=\"lazy\" decoding=\"async\" width=\"300\" height=\"121\" src=\"https:\/\/www.historiayarqueologia.net\/wp-content\/uploads\/Phon-Nha-Ke-Bang-300x121.jpg\" class=\"attachment-medium size-medium wp-image-731\" alt=\"\" srcset=\"https:\/\/www.historiayarqueologia.net\/wp-content\/uploads\/Phon-Nha-Ke-Bang-300x121.jpg 300w, https:\/\/www.historiayarqueologia.net\/wp-content\/uploads\/Phon-Nha-Ke-Bang-768x311.jpg 768w, https:\/\/www.historiayarqueologia.net\/wp-content\/uploads\/Phon-Nha-Ke-Bang.jpg 815w\" sizes=\"(max-width: 300px) 100vw, 300px\" \/><\/div>\n\t\t<\/a>\n\t\t\t\t<div class=\"elementor-post__text\">\n\t\t\t\t<h3 class=\"elementor-post__title\">\n\t\t\t<a href=\"https:\/\/www.historiayarqueologia.net\/?p=713\">\n\t\t\t\tLa cueva m\u00e1s grande del mundo: Phong Nha-K\u1ebb B\u00e0ng\t\t\t<\/a>\n\t\t<\/h3>\n\t\t\t\t<div class=\"elementor-post__excerpt\">\n\t\t\t<p>La cueva m\u00e1s grande del mundo: Phong Nha-K\u1ebb B\u00e0ng. Inscripciones Champa grabadas en estelas y altares hallados en la caverna de Phong Nha-K\u1ebb B\u00e0ng, ponen<\/p>\n\t\t<\/div>\n\t\t\n\t\t<a class=\"elementor-post__read-more\" href=\"https:\/\/www.historiayarqueologia.net\/?p=713\" aria-label=\"M\u00e1s informaci\u00f3n sobre La cueva m\u00e1s grande del mundo: Phong Nha-K\u1ebb B\u00e0ng\" tabindex=\"-1\">\n\t\t\tLeer M\u00e1s &gt;&gt;\t\t<\/a>\n\n\t\t\t\t<\/div>\n\t\t\t\t<\/article>\n\t\t\t\t<article class=\"elementor-post elementor-grid-item post-674 post type-post status-publish format-standard has-post-thumbnail hentry category-noticias-arqueologia category-prehistoria\" role=\"listitem\">\n\t\t\t\t<a class=\"elementor-post__thumbnail__link\" href=\"https:\/\/www.historiayarqueologia.net\/?p=674\" tabindex=\"-1\">\n\t\t\t<div class=\"elementor-post__thumbnail\"><img loading=\"lazy\" decoding=\"async\" width=\"300\" height=\"121\" src=\"https:\/\/www.historiayarqueologia.net\/wp-content\/uploads\/arte-rupestre-australiano-300x121.jpg\" class=\"attachment-medium size-medium wp-image-675\" alt=\"\" srcset=\"https:\/\/www.historiayarqueologia.net\/wp-content\/uploads\/arte-rupestre-australiano-300x121.jpg 300w, https:\/\/www.historiayarqueologia.net\/wp-content\/uploads\/arte-rupestre-australiano-768x311.jpg 768w, https:\/\/www.historiayarqueologia.net\/wp-content\/uploads\/arte-rupestre-australiano.jpg 815w\" sizes=\"(max-width: 300px) 100vw, 300px\" \/><\/div>\n\t\t<\/a>\n\t\t\t\t<div class=\"elementor-post__text\">\n\t\t\t\t<h3 class=\"elementor-post__title\">\n\t\t\t<a href=\"https:\/\/www.historiayarqueologia.net\/?p=674\">\n\t\t\t\tArte rupestre australiano: entre los 50.000 y los 80.000 a\u00f1os.\t\t\t<\/a>\n\t\t<\/h3>\n\t\t\t\t<div class=\"elementor-post__excerpt\">\n\t\t\t<p>Arte rupestre australiano. Todas aquellas personas a las que les gusta la historia conocer\u00e1n las pinturas de las Cuevas de Chauvet, en Francia, o las<\/p>\n\t\t<\/div>\n\t\t\n\t\t<a class=\"elementor-post__read-more\" href=\"https:\/\/www.historiayarqueologia.net\/?p=674\" aria-label=\"M\u00e1s informaci\u00f3n sobre Arte rupestre australiano: entre los 50.000 y los 80.000 a\u00f1os.\" tabindex=\"-1\">\n\t\t\tLeer M\u00e1s &gt;&gt;\t\t<\/a>\n\n\t\t\t\t<\/div>\n\t\t\t\t<\/article>\n\t\t\t\t<article class=\"elementor-post elementor-grid-item post-556 post type-post status-publish format-standard has-post-thumbnail hentry category-prehistoria category-noticias-arqueologia\" role=\"listitem\">\n\t\t\t\t<a class=\"elementor-post__thumbnail__link\" href=\"https:\/\/www.historiayarqueologia.net\/?p=556\" tabindex=\"-1\">\n\t\t\t<div class=\"elementor-post__thumbnail\"><img loading=\"lazy\" decoding=\"async\" width=\"300\" height=\"121\" src=\"https:\/\/www.historiayarqueologia.net\/wp-content\/uploads\/Homo_floresiensis-300x121.jpg\" class=\"attachment-medium size-medium wp-image-557\" alt=\"\" srcset=\"https:\/\/www.historiayarqueologia.net\/wp-content\/uploads\/Homo_floresiensis-300x121.jpg 300w, https:\/\/www.historiayarqueologia.net\/wp-content\/uploads\/Homo_floresiensis-768x311.jpg 768w, https:\/\/www.historiayarqueologia.net\/wp-content\/uploads\/Homo_floresiensis.jpg 815w\" sizes=\"(max-width: 300px) 100vw, 300px\" \/><\/div>\n\t\t<\/a>\n\t\t\t\t<div class=\"elementor-post__text\">\n\t\t\t\t<h3 class=\"elementor-post__title\">\n\t\t\t<a href=\"https:\/\/www.historiayarqueologia.net\/?p=556\">\n\t\t\t\tHomo floresiensis: Nueva dataci\u00f3n en 50.000 a\u00f1os\t\t\t<\/a>\n\t\t<\/h3>\n\t\t\t\t<div class=\"elementor-post__excerpt\">\n\t\t\t<p>En 2003, los arque\u00f3logos hallaron los restos de un esqueleto humano de una mujer a unos seis metros de profundidad en el yacimiento indonesio de<\/p>\n\t\t<\/div>\n\t\t\n\t\t<a class=\"elementor-post__read-more\" href=\"https:\/\/www.historiayarqueologia.net\/?p=556\" aria-label=\"M\u00e1s informaci\u00f3n sobre Homo floresiensis: Nueva dataci\u00f3n en 50.000 a\u00f1os\" tabindex=\"-1\">\n\t\t\tLeer M\u00e1s &gt;&gt;\t\t<\/a>\n\n\t\t\t\t<\/div>\n\t\t\t\t<\/article>\n\t\t\t\t<article class=\"elementor-post elementor-grid-item post-378 post type-post status-publish format-standard has-post-thumbnail hentry category-noticias-arqueologia category-prehistoria\" role=\"listitem\">\n\t\t\t\t<a class=\"elementor-post__thumbnail__link\" href=\"https:\/\/www.historiayarqueologia.net\/?p=378\" tabindex=\"-1\">\n\t\t\t<div class=\"elementor-post__thumbnail\"><img loading=\"lazy\" decoding=\"async\" width=\"300\" height=\"121\" src=\"https:\/\/www.historiayarqueologia.net\/wp-content\/uploads\/oso-irlanda-300x121.jpg\" class=\"attachment-medium size-medium wp-image-379\" alt=\"\" srcset=\"https:\/\/www.historiayarqueologia.net\/wp-content\/uploads\/oso-irlanda-300x121.jpg 300w, https:\/\/www.historiayarqueologia.net\/wp-content\/uploads\/oso-irlanda-768x311.jpg 768w, https:\/\/www.historiayarqueologia.net\/wp-content\/uploads\/oso-irlanda.jpg 815w\" sizes=\"(max-width: 300px) 100vw, 300px\" \/><\/div>\n\t\t<\/a>\n\t\t\t\t<div class=\"elementor-post__text\">\n\t\t\t\t<h3 class=\"elementor-post__title\">\n\t\t\t<a href=\"https:\/\/www.historiayarqueologia.net\/?p=378\">\n\t\t\t\tUn oso reescribe la historia de Irlanda\t\t\t<\/a>\n\t\t<\/h3>\n\t\t\t\t<div class=\"elementor-post__excerpt\">\n\t\t\t<p>El redescubrimiento y el posterior an\u00e1lisis del hueso de un oso reescribe la historia de la humanidad en Irlanda y abre un nuevo cap\u00edtulo en<\/p>\n\t\t<\/div>\n\t\t\n\t\t<a class=\"elementor-post__read-more\" href=\"https:\/\/www.historiayarqueologia.net\/?p=378\" aria-label=\"M\u00e1s informaci\u00f3n sobre Un oso reescribe la historia de Irlanda\" tabindex=\"-1\">\n\t\t\tLeer M\u00e1s &gt;&gt;\t\t<\/a>\n\n\t\t\t\t<\/div>\n\t\t\t\t<\/article>\n\t\t\t\t<article class=\"elementor-post elementor-grid-item post-361 post type-post status-publish format-standard has-post-thumbnail hentry category-prehistoria\" role=\"listitem\">\n\t\t\t\t<a class=\"elementor-post__thumbnail__link\" href=\"https:\/\/www.historiayarqueologia.net\/?p=361\" tabindex=\"-1\">\n\t\t\t<div class=\"elementor-post__thumbnail\"><img loading=\"lazy\" decoding=\"async\" width=\"300\" height=\"121\" src=\"https:\/\/www.historiayarqueologia.net\/wp-content\/uploads\/atapuerca-rituales-300x121.jpg\" class=\"attachment-medium size-medium wp-image-362\" alt=\"\" srcset=\"https:\/\/www.historiayarqueologia.net\/wp-content\/uploads\/atapuerca-rituales-300x121.jpg 300w, https:\/\/www.historiayarqueologia.net\/wp-content\/uploads\/atapuerca-rituales-768x311.jpg 768w, https:\/\/www.historiayarqueologia.net\/wp-content\/uploads\/atapuerca-rituales.jpg 815w\" sizes=\"(max-width: 300px) 100vw, 300px\" \/><\/div>\n\t\t<\/a>\n\t\t\t\t<div class=\"elementor-post__text\">\n\t\t\t\t<h3 class=\"elementor-post__title\">\n\t\t\t<a href=\"https:\/\/www.historiayarqueologia.net\/?p=361\">\n\t\t\t\tAtapuerca, Excalibur y el simbolismo\t\t\t<\/a>\n\t\t<\/h3>\n\t\t\t\t<div class=\"elementor-post__excerpt\">\n\t\t\t<p>\u00bfExisten evidencias de comportamientos simb\u00f3licos antes de la creaci\u00f3n de las sociedades, la agricultura o de la religi\u00f3n? Una de las cuestiones m\u00e1s d\u00edficiles de<\/p>\n\t\t<\/div>\n\t\t\n\t\t<a class=\"elementor-post__read-more\" href=\"https:\/\/www.historiayarqueologia.net\/?p=361\" aria-label=\"M\u00e1s informaci\u00f3n sobre Atapuerca, Excalibur y el simbolismo\" tabindex=\"-1\">\n\t\t\tLeer M\u00e1s &gt;&gt;\t\t<\/a>\n\n\t\t\t\t<\/div>\n\t\t\t\t<\/article>\n\t\t\t\t<\/div>\n\t\t\n\t\t\t\t\t\t<\/div>\n\t\t\t\t<\/div>\n\t\t\t\t\t<\/div>\n\t\t<\/div>\n\t\t\t\t\t<\/div>\n\t\t<\/section>\n\t\t\t\t<\/div>\n\t\t","protected":false},"excerpt":{"rendered":"","protected":false},"author":1,"featured_media":0,"parent":0,"menu_order":0,"comment_status":"closed","ping_status":"closed","template":"elementor_header_footer","meta":{"footnotes":""},"class_list":["post-2301","page","type-page","status-publish","hentry"],"jetpack_sharing_enabled":true,"_links":{"self":[{"href":"https:\/\/www.historiayarqueologia.net\/index.php?rest_route=\/wp\/v2\/pages\/2301","targetHints":{"allow":["GET"]}}],"collection":[{"href":"https:\/\/www.historiayarqueologia.net\/index.php?rest_route=\/wp\/v2\/pages"}],"about":[{"href":"https:\/\/www.historiayarqueologia.net\/index.php?rest_route=\/wp\/v2\/types\/page"}],"author":[{"embeddable":true,"href":"https:\/\/www.historiayarqueologia.net\/index.php?rest_route=\/wp\/v2\/users\/1"}],"replies":[{"embeddable":true,"href":"https:\/\/www.historiayarqueologia.net\/index.php?rest_route=%2Fwp%2Fv2%2Fcomments&post=2301"}],"version-history":[{"count":6,"href":"https:\/\/www.historiayarqueologia.net\/index.php?rest_route=\/wp\/v2\/pages\/2301\/revisions"}],"predecessor-version":[{"id":2314,"href":"https:\/\/www.historiayarqueologia.net\/index.php?rest_route=\/wp\/v2\/pages\/2301\/revisions\/2314"}],"wp:attachment":[{"href":"https:\/\/www.historiayarqueologia.net\/index.php?rest_route=%2Fwp%2Fv2%2Fmedia&parent=2301"}],"curies":[{"name":"wp","href":"https:\/\/api.w.org\/{rel}","templated":true}]}}